{"id":57,"date":"2024-07-10T10:02:30","date_gmt":"2024-07-10T08:02:30","guid":{"rendered":"https:\/\/artandcraft.se\/about-2\/"},"modified":"2025-02-19T11:46:00","modified_gmt":"2025-02-19T10:46:00","slug":"about","status":"publish","type":"page","link":"https:\/\/artandcraft.se\/sv\/about\/","title":{"rendered":"Om"},"content":{"rendered":"<div class=\"wp-block-group alignfull has-global-padding is-content-justification-center is-layout-constrained wp-container-core-group-is-layout-452657ba wp-block-group-is-layout-constrained\" style=\"margin-top:0;margin-bottom:0;padding-top:calc( 0.5 * var(--wp--style--root--padding-right, var(--wp--custom--gap--horizontal)));padding-right:var(--wp--style--root--padding-right, var(--wp--custom--gap--horizontal));padding-bottom:calc( 0.5 * var(--wp--style--root--padding-right, var(--wp--custom--gap--horizontal)));padding-left:var(--wp--style--root--padding-left, var(--wp--custom--gap--horizontal))\">\n<div class=\"wp-block-columns alignwide is-layout-flex wp-container-core-columns-is-layout-3b811c60 wp-block-columns-is-layout-flex\">\n<div class=\"wp-block-column is-layout-flow wp-block-column-is-layout-flow\">\n<h5 class=\"wp-block-heading\">Om <\/h5>\n\n\n\n<p class=\"has-text-align-left wp-block-paragraph\">Hantverkskurser b\u00f6r vara njutbara, enkla och tillg\u00e4ngliga. Min \u00f6nskan \u00e4r att utveckla och bevara dela med mig av Sveriges och Dalarnas rika textiltraditioner, med hela v\u00e4lden.&nbsp;<\/p>\n\n\n\n<p class=\"wp-block-paragraph\">Art&amp;Craft erbjuder konstv\u00e4v, kurser, studiebes\u00f6k och f\u00f6rel\u00e4sningar. Bes\u00f6k hemsidan eller kontakta mig direkt f\u00f6r skr\u00e4ddarsydda erbjudanden.<\/p>\n\n\n\n<h6 class=\"wp-block-heading has-medium-font-size\">Min story<\/h6>\n\n\n\n<p class=\"wp-block-paragraph\">Jag \u00e4r Kirsi Manni, \u00e4gare av Art&amp;Craft Sweden. F\u00f6retaget \u00e4r bel\u00e4get i Siljansn\u00e4s f.d f\u00f6rsamlingshem sedan 2016. H\u00e4r har jag skapat mina dr\u00f6mmars texilatelj\u00e9, mitt i byn, i hj\u00e4rtat av Dalarna och Sverige.<\/p>\n\n\n\n<p class=\"wp-block-paragraph\">Mitt textilintresse \u00e4r ett arv fr\u00e5n tidigare generationer av kreativa, handaskickliga kvinnor. Min mormor odlade lin och beredde till garn och v\u00e4vde tyg. Allt togs till vara och \u00e5terbrukades p\u00e5 kreativa s\u00e4tt, n\u00f6dv\u00e4ndiga kunskaper f\u00f6r att f\u00f6rs\u00f6rja en stor familj. Min mor \u00e4r utbildad s\u00f6mmerska och handv\u00e4vare, hon l\u00e4t mig klippa i hennes tygf\u00f6rr\u00e5d och uppmuntrade mina intressen. Jag tog examen i textilsl\u00f6jd, handv\u00e4vning och matematik p\u00e5 G\u00f6teborgs Universitet. I drygt 20 \u00e5r arbetade jag som l\u00e4rare p\u00e5 olika orter i Sverige och utomlands, Bla Tanzania och Hongkong<\/p>\n\n\n\n<p class=\"wp-block-paragraph\">Idag delar jag min tid mellan kreativ v\u00e4vning, traditionell sl\u00f6jd, textilkonservering och sprida min passion genom kurser, workshops, f\u00f6rel\u00e4sningar och p\u00e5 n\u00e4tet. Min fasta \u00f6vertygelse \u00e4r att vi alla \u00e4r f\u00f6dda med en inneboende skaparkraft och jag vill bjuda in dig att medskapa och uttrycka dig fritt utan pekpinnar. <\/p>\n\n\n\n<ul class=\"wp-block-list\">\n<li><a href=\"https:\/\/artandcraft.se\/sv\/cv\/\">CV<\/a><\/li>\n\n\n\n<li><a href=\"https:\/\/artandcraft.se\/sv\/exhibitions\/\">Utst\u00e4llningar<\/a><\/li>\n\n\n\n<li><a href=\"https:\/\/artandcraft.se\/sv\/published-articles\/\">Publicerade artiklar<\/a><\/li>\n\n\n\n<li><a href=\"https:\/\/artandcraft.se\/sv\/press-images\/\">Pressbilder<\/a><\/li>\n<\/ul>\n<\/div>\n\n\n\n<div class=\"wp-block-column is-vertically-aligned-top is-layout-flow wp-container-core-column-is-layout-317362bb wp-block-column-is-layout-flow\">\n<figure class=\"wp-block-image size-full is-resized\"><img data-recalc-dims=\"1\" loading=\"lazy\" decoding=\"async\" width=\"3227\" height=\"4587\" data-attachment-id=\"162\" data-permalink=\"https:\/\/artandcraft.se\/sv\/about\/kirsi-mann-loom\/\" data-orig-file=\"https:\/\/i0.wp.com\/artandcraft.se\/wp-content\/uploads\/2024\/07\/kirsi-mann-loom.jpg?fit=3227%2C4587&amp;ssl=1\" data-orig-size=\"3227,4587\" data-comments-opened=\"1\" data-image-meta=\"{&quot;aperture&quot;:&quot;1.8&quot;,&quot;credit&quot;:&quot;Jonna Fischer Matz&quot;,&quot;camera&quot;:&quot;NIKON D500&quot;,&quot;caption&quot;:&quot;&quot;,&quot;created_timestamp&quot;:&quot;1537020367&quot;,&quot;copyright&quot;:&quot;Visit Dalarna AB&quot;,&quot;focal_length&quot;:&quot;50&quot;,&quot;iso&quot;:&quot;100&quot;,&quot;shutter_speed&quot;:&quot;0.0004&quot;,&quot;title&quot;:&quot;&quot;,&quot;orientation&quot;:&quot;1&quot;}\" data-image-title=\"kirsi-mann-loom\" data-image-description=\"\" data-image-caption=\"\" data-large-file=\"https:\/\/i0.wp.com\/artandcraft.se\/wp-content\/uploads\/2024\/07\/kirsi-mann-loom.jpg?fit=720%2C1024&amp;ssl=1\" src=\"https:\/\/i0.wp.com\/artandcraft.se\/wp-content\/uploads\/2024\/07\/kirsi-mann-loom.jpg?resize=3227%2C4587&#038;ssl=1\" alt=\"\" class=\"wp-image-162\" style=\"aspect-ratio:0.75;object-fit:cover;width:690px;height:auto\" \/><figcaption class=\"wp-element-caption\"><em>Foto: Anna Holm<\/em><\/figcaption><\/figure>\n<\/div>\n<\/div>\n<\/div>\n\n\n\n<div class=\"wp-block-group alignfull has-global-padding is-content-justification-center is-layout-constrained wp-container-core-group-is-layout-452657ba wp-block-group-is-layout-constrained\" style=\"margin-top:0;margin-bottom:0;padding-top:calc( 0.5 * var(--wp--style--root--padding-right, var(--wp--custom--gap--horizontal)));padding-right:var(--wp--style--root--padding-right, var(--wp--custom--gap--horizontal));padding-bottom:calc( 0.5 * var(--wp--style--root--padding-right, var(--wp--custom--gap--horizontal)));padding-left:var(--wp--style--root--padding-left, var(--wp--custom--gap--horizontal))\">\n<div class=\"wp-block-columns alignwide is-layout-flex wp-container-core-columns-is-layout-ea56acbb wp-block-columns-is-layout-flex\">\n<div class=\"wp-block-column is-layout-flow wp-block-column-is-layout-flow\">\n<h5 class=\"wp-block-heading has-text-align-left has-medium-font-size\">Kl\u00e4dkonst<\/h5>\n\n\n\n<p class=\"has-text-align-left wp-block-paragraph\">2014 uppt\u00e4ckte jag den japanska Saori fri-v\u00e4v filosofin. Jag reste till Osaka, Japan f\u00f6r att l\u00e4ra mig mer om Misao Jos kreativa principer. \"Bet\u00e4nk skillnaden mellan m\u00e4nniska och maskin, var \u00e4ventyrlig, se v\u00e4rlden med skinande \u00f6gon och dela med dig till alla i gruppen.\" <\/p>\n\n\n\n<p class=\"wp-block-paragraph\">Saori filosofin betonar inre kreativitet och lekfullhet. Sj\u00e4lvuttryck genom egenv\u00e4vda kl\u00e4der uppmuntras. Jag \u00e4lskar att leka i v\u00e4ven och skapa unika plagg.<\/p>\n\n\n\n<p class=\"wp-block-paragraph\">I 8 \u00e5r var jag representant och \u00e5terf\u00f6rs\u00e4ljare f\u00f6r Saori Global Ltd i Japan.<\/p>\n\n\n\n<p class=\"wp-block-paragraph\"><a href=\"https:\/\/artandcraft.se\/sv\/gallery\/\">Galleri<\/a><\/p>\n<\/div>\n\n\n\n<div class=\"wp-block-column is-layout-flow wp-block-column-is-layout-flow\">\n<h5 class=\"wp-block-heading has-text-align-left has-medium-font-size\">V\u00e5rt textila kulturav<\/h5>\n\n\n\n<p class=\"has-text-align-left wp-block-paragraph\">Dalarna \u00e4r v\u00e4lk\u00e4nt f\u00f6r sitt rika textilarv. N\u00e4r jag flyttade till Siljansn\u00e4s gick jag med i den lokala folkdansgruppen och b\u00f6rjade sy min egen folkdr\u00e4kt. Genom dr\u00e4ktskapandet l\u00e4rde jag mig mer om det lokala immateriella kulturarvet och dess ut\u00f6vare. Som textilhantverkare uppt\u00e4ckte jag att mycket av kunskapen var p\u00e5 v\u00e4g att g\u00e5 f\u00f6rlorad och att den var bristf\u00e4lligt dokumenterad. Kunskaper som \u00f6verf\u00f6rts fr\u00e5n generation till generation var p\u00e5 v\u00e4g att f\u00f6rsvinna. Att identifiera och dokumentera lokala hantverk \u00e4r av st\u00f6rsta vikt.<\/p>\n\n\n\n<p class=\"wp-block-paragraph\">Dalarna Hemsl\u00f6dsf\u00f6rbunds Stipendium f\u00f6r \"F\u00f6rdjupningsstudier i immateriellt kulturarv\" var ett ek\u00e4nnande av mitt arbete<\/p>\n\n\n\n<p class=\"wp-block-paragraph\"><a href=\"https:\/\/hemslojdenidalarna.se\/lasa\/immateriellt-kulturarv\/fordjupningsstudier-immateriellt-kulturarv\/\" target=\"_blank\" rel=\"noreferrer noopener\">Hemsl\u00f6jden Dalarna <\/a> <\/p>\n<\/div>\n\n\n\n<div class=\"wp-block-column is-layout-flow wp-block-column-is-layout-flow\">\n<h5 class=\"wp-block-heading has-text-align-left has-medium-font-size\">Workshops och f\u00f6rel\u00e4sningar<\/h5>\n\n\n\n<p class=\"has-text-align-left wp-block-paragraph\">Hur kan vi bevara och f\u00f6rmedla v\u00e5ra f\u00f6rm\u00f6drars kunskap? Vi st\u00e5r alla p\u00e5 dessa kvinnors skuldror!<\/p>\n\n\n\n<p class=\"has-text-align-left wp-block-paragraph\">Jag har turen att vara del av en levande tradition och med en mor och mormor som t\u00e5lmodigt l\u00e4rt upp nya generationer. Jag bor ocks\u00e5 i en byggd med rikt imateriellt kulturarv, men med bristande dokumentation.<\/p>\n\n\n\n<p class=\"wp-block-paragraph\">Med erfarenhet,av pedagogik, teknik och hantverk; finner jag mig i en unik position att dela den kunskapen med \u00f6vriga v\u00e4rlden. Kontakta mig f\u00f6r en skr\u00e4ddarsydd f\u00f6rel\u00e4sning eller workshop.<\/p>\n\n\n\n<p class=\"wp-block-paragraph\"><a href=\"https:\/\/artandcraft.se\/sv\/workshops\/\">Kurser<\/a><\/p>\n<\/div>\n<\/div>\n\n\n\n<p class=\"wp-block-paragraph\"><\/p>\n\n\n\n<figure class=\"wp-block-embed is-type-video is-provider-youtube wp-block-embed-youtube wp-embed-aspect-16-9 wp-has-aspect-ratio\"><div class=\"wp-block-embed__wrapper\">\n<span class=\"embed-youtube\" style=\"text-align:center; display: block;\"><iframe loading=\"lazy\" class=\"youtube-player\" width=\"640\" height=\"360\" src=\"https:\/\/www.youtube.com\/embed\/IjVP3fqGqGI?version=3&#038;rel=1&#038;showsearch=0&#038;showinfo=1&#038;iv_load_policy=1&#038;fs=1&#038;hl=sv-SE&#038;autohide=2&#038;wmode=transparent\" allowfullscreen=\"true\" style=\"border:0;\" sandbox=\"allow-scripts allow-same-origin allow-popups allow-presentation allow-popups-to-escape-sandbox\"><\/iframe><\/span>\n<\/div><figcaption class=\"wp-element-caption\"><em>Kirsi Manni , n\u00e4rbild av ett kreativt liv<\/em><\/figcaption><\/figure>\n<\/div>\n\n\n\n<div class=\"wp-block-group alignfull has-global-padding is-content-justification-center is-layout-constrained wp-container-core-group-is-layout-452657ba wp-block-group-is-layout-constrained\" style=\"margin-top:0;margin-bottom:0;padding-top:calc( 0.5 * var(--wp--style--root--padding-right, var(--wp--custom--gap--horizontal)));padding-right:var(--wp--style--root--padding-right, var(--wp--custom--gap--horizontal));padding-bottom:calc( 0.5 * var(--wp--style--root--padding-right, var(--wp--custom--gap--horizontal)));padding-left:var(--wp--style--root--padding-left, var(--wp--custom--gap--horizontal))\">\n<div style=\"height:calc( 0.25 * var(--wp--style--root--padding-right, var(--wp--custom--gap--horizontal)))\" aria-hidden=\"true\" class=\"wp-block-spacer\"><\/div>\n\n\n\n<div class=\"wp-block-columns alignwide is-layout-flex wp-container-core-columns-is-layout-3b811c60 wp-block-columns-is-layout-flex\">\n<div class=\"wp-block-column is-vertically-aligned-bottom is-layout-flow wp-block-column-is-layout-flow\">\n<figure class=\"wp-block-image size-full\"><img data-recalc-dims=\"1\" loading=\"lazy\" decoding=\"async\" width=\"1931\" height=\"1931\" data-attachment-id=\"167\" data-permalink=\"https:\/\/artandcraft.se\/sv\/about\/lin-odla-flax-2\/\" data-orig-file=\"https:\/\/i0.wp.com\/artandcraft.se\/wp-content\/uploads\/2024\/07\/lin-odla-flax-1.jpg?fit=1931%2C1931&amp;ssl=1\" data-orig-size=\"1931,1931\" data-comments-opened=\"1\" data-image-meta=\"{&quot;aperture&quot;:&quot;2.2&quot;,&quot;credit&quot;:&quot;&quot;,&quot;camera&quot;:&quot;iPhone 6s&quot;,&quot;caption&quot;:&quot;&quot;,&quot;created_timestamp&quot;:&quot;1598973243&quot;,&quot;copyright&quot;:&quot;&quot;,&quot;focal_length&quot;:&quot;2.65&quot;,&quot;iso&quot;:&quot;40&quot;,&quot;shutter_speed&quot;:&quot;0.01&quot;,&quot;title&quot;:&quot;&quot;,&quot;orientation&quot;:&quot;1&quot;}\" data-image-title=\"lin-odla-flax\" data-image-description=\"\" data-image-caption=\"\" data-large-file=\"https:\/\/i0.wp.com\/artandcraft.se\/wp-content\/uploads\/2024\/07\/lin-odla-flax-1.jpg?fit=1024%2C1024&amp;ssl=1\" src=\"https:\/\/i0.wp.com\/artandcraft.se\/wp-content\/uploads\/2024\/07\/lin-odla-flax-1.jpg?resize=1931%2C1931&#038;ssl=1\" alt=\"\" class=\"wp-image-167\" style=\"aspect-ratio:1;object-fit:cover\" \/><\/figure>\n<\/div>\n\n\n\n<div class=\"wp-block-column is-vertically-aligned-center is-layout-flow wp-block-column-is-layout-flow\">\n<h5 class=\"wp-block-heading\">Kontakta mig <\/h5>\n\n\n\n<p class=\"wp-block-paragraph\">V\u00e4lkommen med  f\u00f6rfr\u00e5gningar. Jag \u00f6ppen f\u00f6r samarbeten eller f\u00f6r att h\u00e5lla en kurs. <\/p>\n\n\n\n<p class=\"wp-block-paragraph\">Min passion str\u00e4cker sig utanf\u00f6r landets gr\u00e4nser. Jag har varit v\u00e4rd f\u00f6r Maximo Laura fr\u00e5n Peru med en kurs i bildv\u00e4vning. Jag har bes\u00f6kt Japan i kulturutbyte och v\u00e4lkomnar textilhantverkare och konstn\u00e4rer fr\u00e5n jorden alla h\u00f6rn. <\/p>\n\n\n\n<p class=\"wp-block-paragraph\">Vi v\u00e4lkomnar studenter och konstn\u00e4rligt utbyte. <\/p>\n<\/div>\n<\/div>\n\n\n\n<div style=\"height:calc( 0.25 * var(--wp--style--root--padding-right, var(--wp--custom--gap--horizontal)))\" aria-hidden=\"true\" class=\"wp-block-spacer\"><\/div>\n<\/div>\n\n\n<div class=\"wp-block-jetpack-contact-form is-layout-flex wp-container-jetpack-contact-form-is-layout-e5861493 wp-block-jetpack-contact-form-is-layout-flex\"><a href=\"https:\/\/artandcraft.se\/sv\/about\/\" target=\"_blank\" rel=\"noopener noreferrer\">Skicka ett formul\u00e4r.<\/a><\/div>","protected":false},"excerpt":{"rendered":"<p>About Handicraft workshops should be enjoyable, simple and accessible. My wish is to develop and preserve textile traditions and to share the rich textile traditions of Dalarna and Sweden, with the world.&nbsp; Art&amp;Craft Sweden offers wearable art, curated classes, study visits and lectures. Browse the website or contact me directly for custom offers. My Story [&hellip;]<\/p>\n","protected":false},"author":98227027,"featured_media":0,"parent":0,"menu_order":1,"comment_status":"closed","ping_status":"closed","template":"","meta":{"_crdt_document":"","advanced_seo_description":"","jetpack_seo_html_title":"","jetpack_seo_noindex":false,"footnotes":""},"class_list":["post-57","page","type-page","status-publish","hentry"],"jetpack_likes_enabled":true,"jetpack_sharing_enabled":true,"jetpack_shortlink":"https:\/\/wp.me\/PfTJVX-V","jetpack-related-posts":[],"_links":{"self":[{"href":"https:\/\/artandcraft.se\/sv\/wp-json\/wp\/v2\/pages\/57","targetHints":{"allow":["GET"]}}],"collection":[{"href":"https:\/\/artandcraft.se\/sv\/wp-json\/wp\/v2\/pages"}],"about":[{"href":"https:\/\/artandcraft.se\/sv\/wp-json\/wp\/v2\/types\/page"}],"author":[{"embeddable":true,"href":"https:\/\/artandcraft.se\/sv\/wp-json\/wp\/v2\/users\/98227027"}],"replies":[{"embeddable":true,"href":"https:\/\/artandcraft.se\/sv\/wp-json\/wp\/v2\/comments?post=57"}],"version-history":[{"count":25,"href":"https:\/\/artandcraft.se\/sv\/wp-json\/wp\/v2\/pages\/57\/revisions"}],"predecessor-version":[{"id":696,"href":"https:\/\/artandcraft.se\/sv\/wp-json\/wp\/v2\/pages\/57\/revisions\/696"}],"wp:attachment":[{"href":"https:\/\/artandcraft.se\/sv\/wp-json\/wp\/v2\/media?parent=57"}],"curies":[{"name":"wp","href":"https:\/\/api.w.org\/{rel}","templated":true}]}}